{"id":128,"date":"2020-12-31T21:23:35","date_gmt":"2020-12-31T20:23:35","guid":{"rendered":"https:\/\/dario-balekic.com\/?page_id=128"},"modified":"2021-01-05T20:19:34","modified_gmt":"2021-01-05T19:19:34","slug":"tambure","status":"publish","type":"page","link":"https:\/\/dario-balekic.com\/index.php\/tambure\/","title":{"rendered":"Tambure"},"content":{"rendered":"<p>[et_pb_section fb_built=&#8221;1&#8243; next_background_color=&#8221;rgba(0,0,0,0)&#8221; admin_label=&#8221;Hero Section&#8221; _builder_version=&#8221;4.7.7&#8243; use_background_color_gradient=&#8221;on&#8221; background_color_gradient_start=&#8221;rgba(0,0,0,0.4)&#8221; background_color_gradient_end=&#8221;rgba(0,0,0,0.4)&#8221; background_color_gradient_overlays_image=&#8221;on&#8221; background_image=&#8221;https:\/\/dario-balekic.com\/wp-content\/uploads\/2021\/01\/tamburica.jpg&#8221; background_position=&#8221;center_right&#8221; custom_padding=&#8221;10%||0%|||&#8221; bottom_divider_style=&#8221;slant&#8221; bottom_divider_height=&#8221;60px&#8221; background_color_gradient_direction__hover=&#8221;180deg&#8221; background_color_gradient_direction__hover_enabled=&#8221;180deg&#8221; background_color_gradient_start_position__hover=&#8221;0%&#8221; background_color_gradient_start_position__hover_enabled=&#8221;0%&#8221; background_color_gradient_end_position__hover=&#8221;100%&#8221; background_color_gradient_end_position__hover_enabled=&#8221;100%&#8221;][et_pb_row _builder_version=&#8221;3.25&#8243;][et_pb_column type=&#8221;4_4&#8243; _builder_version=&#8221;3.25&#8243; custom_padding=&#8221;|||&#8221; custom_padding__hover=&#8221;|||&#8221;][et_pb_text admin_label=&#8221;Hero Section Title&#8221; _builder_version=&#8221;4.7.7&#8243; text_font=&#8221;|||on|||||&#8221; header_font=&#8221;Montserrat|600|||||||&#8221; header_font_size=&#8221;48px&#8221; header_letter_spacing=&#8221;3px&#8221; header_line_height=&#8221;1.3em&#8221; header_2_font=&#8221;Montserrat|700|||||||&#8221; header_2_text_color=&#8221;rgba(255,255,255,0.6)&#8221; header_2_font_size=&#8221;90px&#8221; header_2_letter_spacing=&#8221;3px&#8221; header_2_line_height=&#8221;1.1em&#8221; text_orientation=&#8221;center&#8221; background_layout=&#8221;dark&#8221; module_alignment=&#8221;center&#8221; custom_margin=&#8221;||60px|&#8221; animation_style=&#8221;slide&#8221; animation_direction=&#8221;bottom&#8221; animation_intensity_slide=&#8221;5%&#8221; header_font_size_tablet=&#8221;&#8221; header_font_size_phone=&#8221;28px&#8221; header_font_size_last_edited=&#8221;on|phone&#8221; header_2_font_size_tablet=&#8221;&#8221; header_2_font_size_phone=&#8221;50px&#8221; header_2_font_size_last_edited=&#8221;on|phone&#8221;]<\/p>\n<h2>Tambure<\/h2>\n<p>[\/et_pb_text][\/et_pb_column][\/et_pb_row][\/et_pb_section][et_pb_section fb_built=&#8221;1&#8243; next_background_color=&#8221;#ffffff&#8221; admin_label=&#8221;Hero Section&#8221; _builder_version=&#8221;4.7.7&#8243; background_color=&#8221;rgba(0,0,0,0)&#8221; use_background_color_gradient=&#8221;on&#8221; background_color_gradient_start=&#8221;#ffffff&#8221; background_color_gradient_end=&#8221;#ffffff&#8221; background_color_gradient_overlays_image=&#8221;on&#8221; background_enable_image=&#8221;off&#8221; background_position=&#8221;center_right&#8221; custom_padding=&#8221;3.7%||0%|||&#8221; bottom_divider_style=&#8221;slant&#8221; bottom_divider_height=&#8221;60px&#8221; background_color_gradient_direction__hover=&#8221;180deg&#8221; background_color_gradient_direction__hover_enabled=&#8221;180deg&#8221; background_color_gradient_start_position__hover=&#8221;0%&#8221; background_color_gradient_start_position__hover_enabled=&#8221;0%&#8221; background_color_gradient_end_position__hover=&#8221;100%&#8221; background_color_gradient_end_position__hover_enabled=&#8221;100%&#8221;][et_pb_row _builder_version=&#8221;4.7.7&#8243; _module_preset=&#8221;default&#8221;][et_pb_column type=&#8221;4_4&#8243; _builder_version=&#8221;4.7.7&#8243; _module_preset=&#8221;default&#8221;][et_pb_text _builder_version=&#8221;4.7.7&#8243; _module_preset=&#8221;default&#8221; text_font_size=&#8221;50px&#8221; header_font=&#8221;|600|||||||&#8221; text_orientation=&#8221;center&#8221; custom_margin=&#8221;||9px|||&#8221; text_font_size_tablet=&#8221;&#8221; text_font_size_phone=&#8221;30px&#8221; text_font_size_last_edited=&#8221;on|phone&#8221; text_text_shadow_style=&#8221;preset1&#8243;]<\/p>\n<h2>TS Kadenca<\/h2>\n<p>[\/et_pb_text][et_pb_text _builder_version=&#8221;4.7.7&#8243; _module_preset=&#8221;default&#8221; text_font_size=&#8221;15px&#8221; header_font=&#8221;|600|||||||&#8221; text_orientation=&#8221;center&#8221; custom_margin=&#8221;||15px|||&#8221; text_font_size_tablet=&#8221;&#8221; text_font_size_phone=&#8221;15px&#8221; text_font_size_last_edited=&#8221;on|phone&#8221;]<\/p>\n<p><span>Glazba i arr: Dario Baleki\u0107<br \/> Tekst: Irena Maro\u0161<\/span><span><br \/> <\/span><\/p>\n<p>[\/et_pb_text][et_pb_audio audio=&#8221;https:\/\/dario-balekic.com\/wp-content\/uploads\/2020\/12\/TS-Kadenca-Kada-jednom-zavolis.mp3&#8243; title=&#8221;Kada jednom zavoli\u0161&#8221; artist_name=&#8221;TS Kadenca&#8221; _builder_version=&#8221;4.7.7&#8243; _module_preset=&#8221;default&#8221; background_color=&#8221;#8f8f8f&#8221; custom_margin=&#8221;-9px|||||&#8221; custom_padding=&#8221;16px||13px|||&#8221;][\/et_pb_audio][et_pb_text _builder_version=&#8221;4.7.7&#8243; _module_preset=&#8221;default&#8221; text_font_size=&#8221;50px&#8221; header_font=&#8221;|600|||||||&#8221; text_orientation=&#8221;center&#8221; custom_margin=&#8221;||9px|||&#8221; text_font_size_tablet=&#8221;&#8221; text_font_size_phone=&#8221;30px&#8221; text_font_size_last_edited=&#8221;on|phone&#8221; text_text_shadow_style=&#8221;preset1&#8243;]<\/p>\n<h2>Klapa Certissa<\/h2>\n<p>[\/et_pb_text][et_pb_text _builder_version=&#8221;4.7.7&#8243; _module_preset=&#8221;default&#8221; text_font_size=&#8221;15px&#8221; header_font=&#8221;|600|||||||&#8221; text_orientation=&#8221;center&#8221; custom_margin=&#8221;||15px|||&#8221; text_font_size_tablet=&#8221;&#8221; text_font_size_phone=&#8221;15px&#8221; text_font_size_last_edited=&#8221;on|phone&#8221;]<\/p>\n<p><span>Glazba i arr: Dario Baleki\u0107<br \/> Tekst: Ru\u017ea Lazarov<\/span><span><br \/> <\/span><\/p>\n<p>[\/et_pb_text][et_pb_audio audio=&#8221;https:\/\/dario-balekic.com\/wp-content\/uploads\/2021\/01\/KLAPA-CERTISSA-Slavonijo-moja.mp3&#8243; title=&#8221;Slavonijo moja&#8221; artist_name=&#8221;Klapa Certissa&#8221; _builder_version=&#8221;4.7.7&#8243; _module_preset=&#8221;default&#8221; background_color=&#8221;#b3b3b3&#8243; custom_margin=&#8221;-9px|||||&#8221; custom_padding=&#8221;16px||13px|||&#8221; hover_enabled=&#8221;0&#8243; sticky_enabled=&#8221;0&#8243;][\/et_pb_audio][\/et_pb_column][\/et_pb_row][et_pb_row _builder_version=&#8221;4.7.7&#8243; _module_preset=&#8221;default&#8221; custom_padding=&#8221;8px|||||&#8221;][et_pb_column type=&#8221;4_4&#8243; _builder_version=&#8221;4.7.7&#8243; _module_preset=&#8221;default&#8221;][et_pb_text _builder_version=&#8221;4.7.7&#8243; _module_preset=&#8221;default&#8221; text_font_size=&#8221;50px&#8221; header_font=&#8221;|600|||||||&#8221; text_orientation=&#8221;center&#8221; custom_margin=&#8221;||11px|||&#8221; text_font_size_tablet=&#8221;&#8221; text_font_size_phone=&#8221;30px&#8221; text_font_size_last_edited=&#8221;on|phone&#8221; text_text_shadow_style=&#8221;preset1&#8243;]<\/p>\n<h2>Ivana \u0160kegro<\/h2>\n<p>[\/et_pb_text][et_pb_text _builder_version=&#8221;4.7.7&#8243; _module_preset=&#8221;default&#8221; text_font_size=&#8221;15px&#8221; header_font=&#8221;|600|||||||&#8221; text_orientation=&#8221;center&#8221; custom_margin=&#8221;||15px|||&#8221; text_font_size_tablet=&#8221;&#8221; text_font_size_phone=&#8221;15px&#8221; text_font_size_last_edited=&#8221;on|phone&#8221;]<\/p>\n<p><span>Glazba: Dario Baleki\u0107<br \/> <\/span><span>Tekst: Katica Karas<br \/> <\/span><\/p>\n<p>[\/et_pb_text][et_pb_audio audio=&#8221;https:\/\/dario-balekic.com\/wp-content\/uploads\/2020\/12\/Ivana-Skegro-Ako-probudi-te-sunce.mp3&#8243; title=&#8221;Ako probudi te sunce&#8221; artist_name=&#8221;Ivana \u0160kegro&#8221; _builder_version=&#8221;4.7.7&#8243; _module_preset=&#8221;default&#8221; background_color=&#8221;#8f8f8f&#8221; custom_padding=&#8221;15px||12px|||&#8221; hover_enabled=&#8221;0&#8243; sticky_enabled=&#8221;0&#8243;][\/et_pb_audio][et_pb_text _builder_version=&#8221;4.7.7&#8243; _module_preset=&#8221;default&#8221; text_font_size=&#8221;50px&#8221; header_font=&#8221;|600|||||||&#8221; text_orientation=&#8221;center&#8221; custom_margin=&#8221;||12px|||&#8221; text_font_size_tablet=&#8221;&#8221; text_font_size_phone=&#8221;30px&#8221; text_font_size_last_edited=&#8221;on|phone&#8221; text_text_shadow_style=&#8221;preset1&#8243;]<\/p>\n<h2>TS Zvona<\/h2>\n<p>[\/et_pb_text][et_pb_text _builder_version=&#8221;4.7.7&#8243; _module_preset=&#8221;default&#8221; text_font_size=&#8221;15px&#8221; header_font=&#8221;|600|||||||&#8221; text_orientation=&#8221;center&#8221; custom_margin=&#8221;-7px||11px|||&#8221; text_font_size_tablet=&#8221;&#8221; text_font_size_phone=&#8221;15px&#8221; text_font_size_last_edited=&#8221;on|phone&#8221;]<\/p>\n<p><span>Glazba: Dario Baleki\u0107<br \/> <\/span><span>Tekst: Dario Baleki\u0107<br \/> <\/span><\/p>\n<p>[\/et_pb_text][et_pb_audio audio=&#8221;https:\/\/dario-balekic.com\/wp-content\/uploads\/2021\/01\/TS-Zvona-Ej-dodi-draga.mp3&#8243; title=&#8221;Ej, do\u0111i draga&#8221; artist_name=&#8221;TS Zvona&#8221; _builder_version=&#8221;4.7.7&#8243; _module_preset=&#8221;default&#8221; background_color=&#8221;#b3b3b3&#8243; custom_padding=&#8221;15px||12px|||&#8221; hover_enabled=&#8221;0&#8243; sticky_enabled=&#8221;0&#8243;][\/et_pb_audio][\/et_pb_column][\/et_pb_row][et_pb_row column_structure=&#8221;1_2,1_2&#8243; _builder_version=&#8221;4.7.7&#8243; _module_preset=&#8221;default&#8221;][et_pb_column type=&#8221;1_2&#8243; _builder_version=&#8221;4.7.7&#8243; _module_preset=&#8221;default&#8221;][et_pb_text _builder_version=&#8221;4.7.7&#8243; _module_preset=&#8221;default&#8221; text_font_size=&#8221;15px&#8221; header_font=&#8221;|600|||||||&#8221; text_orientation=&#8221;center&#8221; custom_margin=&#8221;-7px||11px|||&#8221; text_font_size_tablet=&#8221;&#8221; text_font_size_phone=&#8221;15px&#8221; text_font_size_last_edited=&#8221;on|phone&#8221;]<\/p>\n<p><span>Glazba: Dario Baleki\u0107<br \/> <\/span><span>Tekst: \u017deljko Vurm<br \/> <\/span><\/p>\n<p>[\/et_pb_text][et_pb_audio audio=&#8221;https:\/\/dario-balekic.com\/wp-content\/uploads\/2021\/01\/TS-Zvona-Kada-cujem-bisernicu.mp3&#8243; title=&#8221;Kada \u010dujem bisernicu&#8221; artist_name=&#8221;TS Zvona&#8221; _builder_version=&#8221;4.7.7&#8243; _module_preset=&#8221;default&#8221; background_color=&#8221;#b3b3b3&#8243; custom_padding=&#8221;15px||12px|||&#8221;][\/et_pb_audio][et_pb_text _builder_version=&#8221;4.7.7&#8243; _module_preset=&#8221;default&#8221; text_font_size=&#8221;15px&#8221; header_font=&#8221;|600|||||||&#8221; text_orientation=&#8221;center&#8221; custom_margin=&#8221;-7px||11px|||&#8221; text_font_size_tablet=&#8221;&#8221; text_font_size_phone=&#8221;15px&#8221; text_font_size_last_edited=&#8221;on|phone&#8221;]<\/p>\n<p><span>Glazba: Dario Baleki\u0107<br \/> <\/span><span>Tekst: Mirko \u0160trk<br \/> <\/span><\/p>\n<p>[\/et_pb_text][et_pb_audio audio=&#8221;https:\/\/dario-balekic.com\/wp-content\/uploads\/2021\/01\/TS-Zvona-Momacko-vece.mp3&#8243; title=&#8221;Moma\u010dko ve\u0107e&#8221; artist_name=&#8221;TS Zvona&#8221; _builder_version=&#8221;4.7.7&#8243; _module_preset=&#8221;default&#8221; background_color=&#8221;#8f8f8f&#8221; custom_padding=&#8221;15px||12px|||&#8221;][\/et_pb_audio][et_pb_text _builder_version=&#8221;4.7.7&#8243; _module_preset=&#8221;default&#8221; text_font_size=&#8221;15px&#8221; header_font=&#8221;|600|||||||&#8221; text_orientation=&#8221;center&#8221; custom_margin=&#8221;-7px||11px|||&#8221; text_font_size_tablet=&#8221;&#8221; text_font_size_phone=&#8221;15px&#8221; text_font_size_last_edited=&#8221;on|phone&#8221;]<\/p>\n<p><span>Glazba: Dario Baleki\u0107<br \/> <\/span><span>Tekst: \u017deljko Vurm<br \/> <\/span><\/p>\n<p>[\/et_pb_text][et_pb_audio audio=&#8221;https:\/\/dario-balekic.com\/wp-content\/uploads\/2021\/01\/TS-Zvona-Slavonija-s-pjesmom-traje.mp3&#8243; title=&#8221;Slavonija s pjesmom traje&#8221; artist_name=&#8221;TS Zvona&#8221; _builder_version=&#8221;4.7.7&#8243; _module_preset=&#8221;default&#8221; background_color=&#8221;#b3b3b3&#8243; custom_padding=&#8221;15px||12px|||&#8221;][\/et_pb_audio][et_pb_text _builder_version=&#8221;4.7.7&#8243; _module_preset=&#8221;default&#8221; text_font_size=&#8221;15px&#8221; header_font=&#8221;|600|||||||&#8221; text_orientation=&#8221;center&#8221; custom_margin=&#8221;-7px||11px|||&#8221; text_font_size_tablet=&#8221;&#8221; text_font_size_phone=&#8221;15px&#8221; text_font_size_last_edited=&#8221;on|phone&#8221;]<\/p>\n<p><span>Glazba: Dario Baleki\u0107<br \/> <\/span><span>Tekst: Dario Baleki\u0107<br \/> <\/span><\/p>\n<p>[\/et_pb_text][et_pb_audio audio=&#8221;https:\/\/dario-balekic.com\/wp-content\/uploads\/2021\/01\/TS-Zvona-ft.-Magdalena-Bozic-dolazi.mp3&#8243; title=&#8221;Bo\u017ei\u0107 dolazi&#8221; artist_name=&#8221;TS Zvona ft. Magdalena&#8221; _builder_version=&#8221;4.7.7&#8243; _module_preset=&#8221;default&#8221; background_color=&#8221;#8f8f8f&#8221; custom_padding=&#8221;15px||12px|||&#8221;][\/et_pb_audio][\/et_pb_column][et_pb_column type=&#8221;1_2&#8243; _builder_version=&#8221;4.7.7&#8243; _module_preset=&#8221;default&#8221;][et_pb_text _builder_version=&#8221;4.7.7&#8243; _module_preset=&#8221;default&#8221; text_font_size=&#8221;15px&#8221; header_font=&#8221;|600|||||||&#8221; text_orientation=&#8221;center&#8221; custom_margin=&#8221;-7px||11px|||&#8221; text_font_size_tablet=&#8221;&#8221; text_font_size_phone=&#8221;15px&#8221; text_font_size_last_edited=&#8221;on|phone&#8221;]<\/p>\n<p><span>Glazba: Dario Baleki\u0107<br \/> <\/span><span>Tekst: Marija Glava\u010devi\u0107 Lakota<br \/> <\/span><\/p>\n<p>[\/et_pb_text][et_pb_audio audio=&#8221;https:\/\/dario-balekic.com\/wp-content\/uploads\/2021\/01\/TS-Zvona-Inat-becarski.mp3&#8243; title=&#8221;Inat be\u0107arski&#8221; artist_name=&#8221;TS Zvona&#8221; _builder_version=&#8221;4.7.7&#8243; _module_preset=&#8221;default&#8221; background_color=&#8221;#b3b3b3&#8243; custom_padding=&#8221;15px||12px|||&#8221;][\/et_pb_audio][et_pb_text _builder_version=&#8221;4.7.7&#8243; _module_preset=&#8221;default&#8221; text_font_size=&#8221;15px&#8221; header_font=&#8221;|600|||||||&#8221; text_orientation=&#8221;center&#8221; custom_margin=&#8221;-7px||11px|||&#8221; text_font_size_tablet=&#8221;&#8221; text_font_size_phone=&#8221;15px&#8221; text_font_size_last_edited=&#8221;on|phone&#8221;]<\/p>\n<p><span>Glazba: Dario Baleki\u0107<br \/> <\/span><span>Tekst: Dario Baleki\u0107<br \/> <\/span><\/p>\n<p>[\/et_pb_text][et_pb_audio audio=&#8221;https:\/\/dario-balekic.com\/wp-content\/uploads\/2021\/01\/TS-Zvona-Martinje.mp3&#8243; title=&#8221;Martinje&#8221; artist_name=&#8221;TS Zvona&#8221; _builder_version=&#8221;4.7.7&#8243; _module_preset=&#8221;default&#8221; background_color=&#8221;#8f8f8f&#8221; custom_padding=&#8221;15px||12px|||&#8221;][\/et_pb_audio][et_pb_text _builder_version=&#8221;4.7.7&#8243; _module_preset=&#8221;default&#8221; text_font_size=&#8221;15px&#8221; header_font=&#8221;|600|||||||&#8221; text_orientation=&#8221;center&#8221; custom_margin=&#8221;-7px||11px|||&#8221; text_font_size_tablet=&#8221;&#8221; text_font_size_phone=&#8221;15px&#8221; text_font_size_last_edited=&#8221;on|phone&#8221;]<\/p>\n<p><span>Glazba: Dario Baleki\u0107<br \/> <\/span><span>Tekst: Mirko \u0160trk<br \/> <\/span><\/p>\n<p>[\/et_pb_text][et_pb_audio audio=&#8221;https:\/\/dario-balekic.com\/wp-content\/uploads\/2021\/01\/TS-Zvona-Sklopim-oci.mp3&#8243; title=&#8221;Sklopim o\u010di&#8221; artist_name=&#8221;TS Zvona&#8221; _builder_version=&#8221;4.7.7&#8243; _module_preset=&#8221;default&#8221; background_color=&#8221;#b3b3b3&#8243; custom_padding=&#8221;15px||12px|||&#8221;][\/et_pb_audio][et_pb_text _builder_version=&#8221;4.7.7&#8243; _module_preset=&#8221;default&#8221; text_font_size=&#8221;15px&#8221; header_font=&#8221;|600|||||||&#8221; text_orientation=&#8221;center&#8221; custom_margin=&#8221;-7px||11px|||&#8221; text_font_size_tablet=&#8221;&#8221; text_font_size_phone=&#8221;15px&#8221; text_font_size_last_edited=&#8221;on|phone&#8221;]<\/p>\n<p><span>Glazba: Dario Baleki\u0107<br \/> <\/span><span>Tekst: Mirko \u0160trk<br \/> <\/span><\/p>\n<p>[\/et_pb_text][et_pb_audio audio=&#8221;https:\/\/dario-balekic.com\/wp-content\/uploads\/2021\/01\/TS-Zvona-Tomin-hrast.mp3&#8243; title=&#8221;Tomin hrast&#8221; artist_name=&#8221;TS Zvona&#8221; _builder_version=&#8221;4.7.7&#8243; _module_preset=&#8221;default&#8221; background_color=&#8221;#8f8f8f&#8221; custom_padding=&#8221;15px||12px|||&#8221;][\/et_pb_audio][\/et_pb_column][\/et_pb_row][\/et_pb_section]<\/p>\n","protected":false},"excerpt":{"rendered":"<p>TambureTS KadencaGlazba i arr: Dario Baleki\u0107 Tekst: Irena Maro\u0161 Klapa CertissaGlazba i arr: Dario Baleki\u0107 Tekst: Ru\u017ea Lazarov Ivana \u0160kegroGlazba: Dario Baleki\u0107 Tekst: Katica Karas TS ZvonaGlazba: Dario Baleki\u0107 Tekst: Dario Baleki\u0107 Glazba: Dario Baleki\u0107 Tekst: \u017deljko Vurm Glazba: Dario Baleki\u0107 Tekst: Mirko \u0160trk Glazba: Dario Baleki\u0107 Tekst: \u017deljko Vurm Glazba: Dario Baleki\u0107 Tekst: Dario [&hellip;]<\/p>\n","protected":false},"author":1,"featured_media":0,"parent":0,"menu_order":0,"comment_status":"closed","ping_status":"closed","template":"","meta":{"_et_pb_use_builder":"on","_et_pb_old_content":"","_et_gb_content_width":""},"yoast_head":"<!-- This site is optimized with the Yoast SEO plugin v17.9 - https:\/\/yoast.com\/wordpress\/plugins\/seo\/ -->\n<title>Tambure - Dario Baleki\u0107<\/title>\n<meta name=\"robots\" content=\"index, follow, max-snippet:-1, max-image-preview:large, max-video-preview:-1\" \/>\n<link rel=\"canonical\" href=\"https:\/\/dario-balekic.com\/index.php\/tambure\/\" \/>\n<meta property=\"og:locale\" content=\"hr_HR\" \/>\n<meta property=\"og:type\" content=\"article\" \/>\n<meta property=\"og:title\" content=\"Tambure - Dario Baleki\u0107\" \/>\n<meta property=\"og:description\" content=\"TambureTS KadencaGlazba i arr: Dario Baleki\u0107 Tekst: Irena Maro\u0161 Klapa CertissaGlazba i arr: Dario Baleki\u0107 Tekst: Ru\u017ea Lazarov Ivana \u0160kegroGlazba: Dario Baleki\u0107 Tekst: Katica Karas TS ZvonaGlazba: Dario Baleki\u0107 Tekst: Dario Baleki\u0107 Glazba: Dario Baleki\u0107 Tekst: \u017deljko Vurm Glazba: Dario Baleki\u0107 Tekst: Mirko \u0160trk Glazba: Dario Baleki\u0107 Tekst: \u017deljko Vurm Glazba: Dario Baleki\u0107 Tekst: Dario [&hellip;]\" \/>\n<meta property=\"og:url\" content=\"https:\/\/dario-balekic.com\/index.php\/tambure\/\" \/>\n<meta property=\"og:site_name\" content=\"Dario Baleki\u0107\" \/>\n<meta property=\"article:publisher\" content=\"https:\/\/hr-hr.facebook.com\/dario.balekic\" \/>\n<meta property=\"article:modified_time\" content=\"2021-01-05T19:19:34+00:00\" \/>\n<meta property=\"og:image\" content=\"https:\/\/dario-balekic.com\/wp-content\/uploads\/2020\/12\/Dario-logo1.png\" \/>\n\t<meta property=\"og:image:width\" content=\"550\" \/>\n\t<meta property=\"og:image:height\" content=\"190\" \/>\n\t<meta property=\"og:image:type\" content=\"image\/png\" \/>\n<meta name=\"twitter:card\" content=\"summary_large_image\" \/>\n<meta name=\"twitter:label1\" content=\"Procijenjeno vrijeme \u010ditanja\" \/>\n\t<meta name=\"twitter:data1\" content=\"8 minuta\" \/>\n<script type=\"application\/ld+json\" class=\"yoast-schema-graph\">{\"@context\":\"https:\/\/schema.org\",\"@graph\":[{\"@type\":[\"Person\",\"Organization\"],\"@id\":\"https:\/\/dario-balekic.com\/#\/schema\/person\/fce3faeceac348ebdbcf41c7bab7c738\",\"name\":\"Dario Baleki\\u0107\",\"image\":{\"@type\":\"ImageObject\",\"@id\":\"https:\/\/dario-balekic.com\/#personlogo\",\"inLanguage\":\"hr\",\"url\":\"https:\/\/dario-balekic.com\/wp-content\/uploads\/2020\/12\/Dario-logo1.png\",\"contentUrl\":\"https:\/\/dario-balekic.com\/wp-content\/uploads\/2020\/12\/Dario-logo1.png\",\"width\":550,\"height\":190,\"caption\":\"Dario Baleki\\u0107\"},\"logo\":{\"@id\":\"https:\/\/dario-balekic.com\/#personlogo\"},\"sameAs\":[\"https:\/\/dario-balekic.com\",\"https:\/\/hr-hr.facebook.com\/dario.balekic\"]},{\"@type\":\"WebSite\",\"@id\":\"https:\/\/dario-balekic.com\/#website\",\"url\":\"https:\/\/dario-balekic.com\/\",\"name\":\"Dario Baleki\\u0107\",\"description\":\"\",\"publisher\":{\"@id\":\"https:\/\/dario-balekic.com\/#\/schema\/person\/fce3faeceac348ebdbcf41c7bab7c738\"},\"potentialAction\":[{\"@type\":\"SearchAction\",\"target\":{\"@type\":\"EntryPoint\",\"urlTemplate\":\"https:\/\/dario-balekic.com\/?s={search_term_string}\"},\"query-input\":\"required name=search_term_string\"}],\"inLanguage\":\"hr\"},{\"@type\":\"WebPage\",\"@id\":\"https:\/\/dario-balekic.com\/index.php\/tambure\/#webpage\",\"url\":\"https:\/\/dario-balekic.com\/index.php\/tambure\/\",\"name\":\"Tambure - Dario Baleki\\u0107\",\"isPartOf\":{\"@id\":\"https:\/\/dario-balekic.com\/#website\"},\"datePublished\":\"2020-12-31T20:23:35+00:00\",\"dateModified\":\"2021-01-05T19:19:34+00:00\",\"breadcrumb\":{\"@id\":\"https:\/\/dario-balekic.com\/index.php\/tambure\/#breadcrumb\"},\"inLanguage\":\"hr\",\"potentialAction\":[{\"@type\":\"ReadAction\",\"target\":[\"https:\/\/dario-balekic.com\/index.php\/tambure\/\"]}]},{\"@type\":\"BreadcrumbList\",\"@id\":\"https:\/\/dario-balekic.com\/index.php\/tambure\/#breadcrumb\",\"itemListElement\":[{\"@type\":\"ListItem\",\"position\":1,\"name\":\"Po\\u010detna stranica\",\"item\":\"https:\/\/dario-balekic.com\/\"},{\"@type\":\"ListItem\",\"position\":2,\"name\":\"Tambure\"}]}]}<\/script>\n<!-- \/ Yoast SEO plugin. -->","yoast_head_json":{"title":"Tambure - Dario Baleki\u0107","robots":{"index":"index","follow":"follow","max-snippet":"max-snippet:-1","max-image-preview":"max-image-preview:large","max-video-preview":"max-video-preview:-1"},"canonical":"https:\/\/dario-balekic.com\/index.php\/tambure\/","og_locale":"hr_HR","og_type":"article","og_title":"Tambure - Dario Baleki\u0107","og_description":"TambureTS KadencaGlazba i arr: Dario Baleki\u0107 Tekst: Irena Maro\u0161 Klapa CertissaGlazba i arr: Dario Baleki\u0107 Tekst: Ru\u017ea Lazarov Ivana \u0160kegroGlazba: Dario Baleki\u0107 Tekst: Katica Karas TS ZvonaGlazba: Dario Baleki\u0107 Tekst: Dario Baleki\u0107 Glazba: Dario Baleki\u0107 Tekst: \u017deljko Vurm Glazba: Dario Baleki\u0107 Tekst: Mirko \u0160trk Glazba: Dario Baleki\u0107 Tekst: \u017deljko Vurm Glazba: Dario Baleki\u0107 Tekst: Dario [&hellip;]","og_url":"https:\/\/dario-balekic.com\/index.php\/tambure\/","og_site_name":"Dario Baleki\u0107","article_publisher":"https:\/\/hr-hr.facebook.com\/dario.balekic","article_modified_time":"2021-01-05T19:19:34+00:00","og_image":[{"width":550,"height":190,"url":"https:\/\/dario-balekic.com\/wp-content\/uploads\/2020\/12\/Dario-logo1.png","type":"image\/png"}],"twitter_card":"summary_large_image","twitter_misc":{"Procijenjeno vrijeme \u010ditanja":"8 minuta"},"schema":{"@context":"https:\/\/schema.org","@graph":[{"@type":["Person","Organization"],"@id":"https:\/\/dario-balekic.com\/#\/schema\/person\/fce3faeceac348ebdbcf41c7bab7c738","name":"Dario Baleki\u0107","image":{"@type":"ImageObject","@id":"https:\/\/dario-balekic.com\/#personlogo","inLanguage":"hr","url":"https:\/\/dario-balekic.com\/wp-content\/uploads\/2020\/12\/Dario-logo1.png","contentUrl":"https:\/\/dario-balekic.com\/wp-content\/uploads\/2020\/12\/Dario-logo1.png","width":550,"height":190,"caption":"Dario Baleki\u0107"},"logo":{"@id":"https:\/\/dario-balekic.com\/#personlogo"},"sameAs":["https:\/\/dario-balekic.com","https:\/\/hr-hr.facebook.com\/dario.balekic"]},{"@type":"WebSite","@id":"https:\/\/dario-balekic.com\/#website","url":"https:\/\/dario-balekic.com\/","name":"Dario Baleki\u0107","description":"","publisher":{"@id":"https:\/\/dario-balekic.com\/#\/schema\/person\/fce3faeceac348ebdbcf41c7bab7c738"},"potentialAction":[{"@type":"SearchAction","target":{"@type":"EntryPoint","urlTemplate":"https:\/\/dario-balekic.com\/?s={search_term_string}"},"query-input":"required name=search_term_string"}],"inLanguage":"hr"},{"@type":"WebPage","@id":"https:\/\/dario-balekic.com\/index.php\/tambure\/#webpage","url":"https:\/\/dario-balekic.com\/index.php\/tambure\/","name":"Tambure - Dario Baleki\u0107","isPartOf":{"@id":"https:\/\/dario-balekic.com\/#website"},"datePublished":"2020-12-31T20:23:35+00:00","dateModified":"2021-01-05T19:19:34+00:00","breadcrumb":{"@id":"https:\/\/dario-balekic.com\/index.php\/tambure\/#breadcrumb"},"inLanguage":"hr","potentialAction":[{"@type":"ReadAction","target":["https:\/\/dario-balekic.com\/index.php\/tambure\/"]}]},{"@type":"BreadcrumbList","@id":"https:\/\/dario-balekic.com\/index.php\/tambure\/#breadcrumb","itemListElement":[{"@type":"ListItem","position":1,"name":"Po\u010detna stranica","item":"https:\/\/dario-balekic.com\/"},{"@type":"ListItem","position":2,"name":"Tambure"}]}]}},"_links":{"self":[{"href":"https:\/\/dario-balekic.com\/index.php\/wp-json\/wp\/v2\/pages\/128"}],"collection":[{"href":"https:\/\/dario-balekic.com\/index.php\/wp-json\/wp\/v2\/pages"}],"about":[{"href":"https:\/\/dario-balekic.com\/index.php\/wp-json\/wp\/v2\/types\/page"}],"author":[{"embeddable":true,"href":"https:\/\/dario-balekic.com\/index.php\/wp-json\/wp\/v2\/users\/1"}],"replies":[{"embeddable":true,"href":"https:\/\/dario-balekic.com\/index.php\/wp-json\/wp\/v2\/comments?post=128"}],"version-history":[{"count":13,"href":"https:\/\/dario-balekic.com\/index.php\/wp-json\/wp\/v2\/pages\/128\/revisions"}],"predecessor-version":[{"id":523,"href":"https:\/\/dario-balekic.com\/index.php\/wp-json\/wp\/v2\/pages\/128\/revisions\/523"}],"wp:attachment":[{"href":"https:\/\/dario-balekic.com\/index.php\/wp-json\/wp\/v2\/media?parent=128"}],"curies":[{"name":"wp","href":"https:\/\/api.w.org\/{rel}","templated":true}]}}